{"id":47411,"date":"2026-09-03T18:47:40","date_gmt":"2026-09-03T15:47:40","guid":{"rendered":"https:\/\/deravio.com\/se\/produkt\/massageapparat-for-nacken\/"},"modified":"2026-09-03T18:47:40","modified_gmt":"2026-09-03T15:47:40","slug":"massageapparat-for-nacken","status":"publish","type":"product","link":"https:\/\/deravio.com\/se\/produkt\/massageapparat-for-nacken\/","title":{"rendered":"Massageapparat f\u00f6r nacken"},"content":{"rendered":"<h2 style=\"text-align: center\" data-path-to-node=\"0\">\ud83d\udc86 Lindra sp\u00e4nningar i nacke och axlar med naturlig str\u00e4ckning och riktad massage<\/h2>\n<p style=\"text-align: center\" data-path-to-node=\"1\"><img fetchpriority=\"high\" decoding=\"async\" class=\"size-full wp-image-46369 aligncenter\" src=\"https:\/\/deravio.com\/template\/wp-content\/uploads\/sites\/6\/2026\/09\/3-3-1.jpg\" alt=\"\" width=\"1080\" height=\"1080\" \/><\/p>\n<h2 style=\"text-align: center\" data-path-to-node=\"2\">\ud83d\udc96 Varf\u00f6r du kommer att \u00e4lska den<\/h2>\n<p data-path-to-node=\"3,0,0\">\ud83c\udfaf Riktad lindring av akupunkturpunkter: Har 14 konvexa punkter som ger precis akupressurmassage p\u00e5 sp\u00e4nda muskler och knutar.<\/p>\n<p data-path-to-node=\"3,1,0\">\ud83d\udc86 Ergonomiskt nackst\u00f6d: Den 3D-formade designen anpassar sig perfekt efter nackens kurvor f\u00f6r ett bekv\u00e4mt och naturligt drag.<\/p>\n<p data-path-to-node=\"3,2,0\">\u26a1 S\u00e4ker och sladdl\u00f6s design: Fungerar helt utan el eller batterier, vilket g\u00f6r den enkel och s\u00e4ker att anv\u00e4nda n\u00e4r som helst och var som helst.<\/p>\n<p data-path-to-node=\"3,3,0\">\ud83e\udeb6 L\u00e4tt och kompakt: Tillverkad av l\u00e4tt EVA-material f\u00f6r enkel placering och smidig hantering hemma.<\/p>\n<h2 style=\"text-align: center\" data-path-to-node=\"5\">\ud83d\udccb Fullst\u00e4ndig produktinformation<\/h2>\n<ul data-path-to-node=\"6\">\n<li>\n<p data-path-to-node=\"6,1,0\">Material: EVA (etylenvinylacetat)<\/p>\n<\/li>\n<li>\n<p data-path-to-node=\"6,2,0\">Akupressurfunktioner: 14 utbuktande punkter f\u00f6r precis akupressurmassage<\/p>\n<\/li>\n<li>\n<p data-path-to-node=\"6,4,0\">Storlek: 33 x 14 x 6 cm<\/p>\n<\/li>\n<li>\n<p data-path-to-node=\"6,7,0\">Anv\u00e4ndningsomr\u00e5den: Nacke och rygg<\/p>\n<\/li>\n<\/ul>\n<h2 style=\"text-align: center\" data-path-to-node=\"11\">\ud83d\udce6 F\u00f6rpackningen inneh\u00e5ller<\/h2>\n<ul data-path-to-node=\"12\">\n<li>\n<p data-path-to-node=\"12,0,0\">1x nackstr\u00e4ckare\/massager.<\/p>\n<\/li>\n<\/ul>\n","protected":false},"excerpt":{"rendered":"<p>\ud83d\udca4Ih\u00e5llande stelhet i nacken och sp\u00e4nningar i axlarna till f\u00f6ljd av l\u00e5nga timmar vid skrivbordet kan leda till dagliga besv\u00e4r och gnagande sm\u00e4rta. Att f\u00f6rs\u00f6ka stretcha eller massera sv\u00e5r\u00e5tkomliga triggerpunkter p\u00e5 egen hand leder ofta till frustration utan varaktig lindring.<br \/>\n\ud83d\udc86Denna massager f\u00f6r nacken anpassar sig smidigt efter din nacke f\u00f6r att f\u00f6rsiktigt stretcha musklerna och bearbeta tryckpunkter utan att beh\u00f6va el.<\/p>\n","protected":false},"featured_media":47407,"comment_status":"open","ping_status":"closed","template":"","meta":{"site-sidebar-layout":"default","site-content-layout":"","ast-site-content-layout":"default","site-content-style":"default","site-sidebar-style":"default","ast-global-header-display":"","ast-banner-title-visibility":"","ast-main-header-display":"","ast-hfb-above-header-display":"","ast-hfb-below-header-display":"","ast-hfb-mobile-header-display":"","site-post-title":"","ast-breadcrumbs-content":"","ast-featured-img":"","footer-sml-layout":"","ast-disable-related-posts":"","theme-transparent-header-meta":"default","adv-header-id-meta":"","stick-header-meta":"","header-above-stick-meta":"","header-main-stick-meta":"","header-below-stick-meta":"","astra-migrate-meta-layouts":"set","ast-page-background-enabled":"default","ast-page-background-meta":{"desktop":{"background-color":"var(--ast-global-color-5)","background-image":"","background-repeat":"repeat","background-position":"center center","background-size":"auto","background-attachment":"scroll","background-type":"","background-media":"","overlay-type":"","overlay-color":"","overlay-opacity":"","overlay-gradient":""},"tablet":{"background-color":"","background-image":"","background-repeat":"repeat","background-position":"center center","background-size":"auto","background-attachment":"scroll","background-type":"","background-media":"","overlay-type":"","overlay-color":"","overlay-opacity":"","overlay-gradient":""},"mobile":{"background-color":"","background-image":"","background-repeat":"repeat","background-position":"center center","background-size":"auto","background-attachment":"scroll","background-type":"","background-media":"","overlay-type":"","overlay-color":"","overlay-opacity":"","overlay-gradient":""}},"ast-content-background-meta":{"desktop":{"background-color":"var(--ast-global-color-4)","background-image":"","background-repeat":"repeat","background-position":"center center","background-size":"auto","background-attachment":"scroll","background-type":"","background-media":"","overlay-type":"","overlay-color":"","overlay-opacity":"","overlay-gradient":""},"tablet":{"background-color":"var(--ast-global-color-4)","background-image":"","background-repeat":"repeat","background-position":"center center","background-size":"auto","background-attachment":"scroll","background-type":"","background-media":"","overlay-type":"","overlay-color":"","overlay-opacity":"","overlay-gradient":""},"mobile":{"background-color":"var(--ast-global-color-4)","background-image":"","background-repeat":"repeat","background-position":"center center","background-size":"auto","background-attachment":"scroll","background-type":"","background-media":"","overlay-type":"","overlay-color":"","overlay-opacity":"","overlay-gradient":""}}},"product_brand":[],"product_cat":[162],"product_tag":[],"class_list":["post-47411","product","type-product","status-publish","has-post-thumbnail","product_cat-skonhets-och-hygienprodukter","desktop-align-left","tablet-align-left","mobile-align-left","first","instock","shipping-taxable","purchasable","product-type-simple"],"yoast_head":"<!-- This site is optimized with the Yoast SEO plugin v28.1 - https:\/\/yoast.com\/product\/yoast-seo-wordpress\/ -->\n<title>Massageapparat f\u00f6r nacken - Deravio SE<\/title>\n<meta name=\"robots\" content=\"index, follow, max-snippet:-1, max-image-preview:large, max-video-preview:-1\" \/>\n<link rel=\"canonical\" href=\"https:\/\/deravio.com\/se\/produkt\/massageapparat-for-nacken\/\" \/>\n<meta property=\"og:locale\" content=\"sv_SE\" \/>\n<meta property=\"og:type\" content=\"article\" \/>\n<meta property=\"og:title\" content=\"Massageapparat f\u00f6r nacken - Deravio SE\" \/>\n<meta property=\"og:description\" content=\"\ud83d\udca4Ih\u00e5llande stelhet i nacken och sp\u00e4nningar i axlarna till f\u00f6ljd av l\u00e5nga timmar vid skrivbordet kan leda till dagliga besv\u00e4r och gnagande sm\u00e4rta. Att f\u00f6rs\u00f6ka stretcha eller massera sv\u00e5r\u00e5tkomliga triggerpunkter p\u00e5 egen hand leder ofta till frustration utan varaktig lindring. \ud83d\udc86Denna massager f\u00f6r nacken anpassar sig smidigt efter din nacke f\u00f6r att f\u00f6rsiktigt stretcha musklerna och bearbeta tryckpunkter utan att beh\u00f6va el.\" \/>\n<meta property=\"og:url\" content=\"https:\/\/deravio.com\/se\/produkt\/massageapparat-for-nacken\/\" \/>\n<meta property=\"og:site_name\" content=\"Deravio SE\" \/>\n<meta property=\"og:image\" content=\"https:\/\/deravio.com\/se\/wp-content\/uploads\/sites\/20\/2026\/09\/29yrw1g-1.jpeg\" \/>\n\t<meta property=\"og:image:width\" content=\"1600\" \/>\n\t<meta property=\"og:image:height\" content=\"1600\" \/>\n\t<meta property=\"og:image:type\" content=\"image\/jpeg\" \/>\n<meta name=\"twitter:card\" content=\"summary_large_image\" \/>\n<meta name=\"twitter:label1\" content=\"Ber\u00e4knad l\u00e4stid\" \/>\n\t<meta name=\"twitter:data1\" content=\"1 minut\" \/>\n<script type=\"application\/ld+json\" class=\"yoast-schema-graph\">{\"@context\":\"https:\\\/\\\/schema.org\",\"@graph\":[{\"@type\":\"WebPage\",\"@id\":\"https:\\\/\\\/deravio.com\\\/se\\\/produkt\\\/massageapparat-for-nacken\\\/\",\"url\":\"https:\\\/\\\/deravio.com\\\/se\\\/produkt\\\/massageapparat-for-nacken\\\/\",\"name\":\"Massageapparat f\u00f6r nacken - Deravio SE\",\"isPartOf\":{\"@id\":\"https:\\\/\\\/deravio.com\\\/se\\\/#website\"},\"primaryImageOfPage\":{\"@id\":\"https:\\\/\\\/deravio.com\\\/se\\\/produkt\\\/massageapparat-for-nacken\\\/#primaryimage\"},\"image\":{\"@id\":\"https:\\\/\\\/deravio.com\\\/se\\\/produkt\\\/massageapparat-for-nacken\\\/#primaryimage\"},\"thumbnailUrl\":\"https:\\\/\\\/deravio.com\\\/se\\\/wp-content\\\/uploads\\\/sites\\\/20\\\/2026\\\/09\\\/29yrw1g-1.jpeg\",\"datePublished\":\"2026-09-03T15:47:40+00:00\",\"breadcrumb\":{\"@id\":\"https:\\\/\\\/deravio.com\\\/se\\\/produkt\\\/massageapparat-for-nacken\\\/#breadcrumb\"},\"inLanguage\":\"sv-SE\",\"potentialAction\":[{\"@type\":\"ReadAction\",\"target\":[\"https:\\\/\\\/deravio.com\\\/se\\\/produkt\\\/massageapparat-for-nacken\\\/\"]}]},{\"@type\":\"ImageObject\",\"inLanguage\":\"sv-SE\",\"@id\":\"https:\\\/\\\/deravio.com\\\/se\\\/produkt\\\/massageapparat-for-nacken\\\/#primaryimage\",\"url\":\"https:\\\/\\\/deravio.com\\\/se\\\/wp-content\\\/uploads\\\/sites\\\/20\\\/2026\\\/09\\\/29yrw1g-1.jpeg\",\"contentUrl\":\"https:\\\/\\\/deravio.com\\\/se\\\/wp-content\\\/uploads\\\/sites\\\/20\\\/2026\\\/09\\\/29yrw1g-1.jpeg\",\"width\":1600,\"height\":1600},{\"@type\":\"BreadcrumbList\",\"@id\":\"https:\\\/\\\/deravio.com\\\/se\\\/produkt\\\/massageapparat-for-nacken\\\/#breadcrumb\",\"itemListElement\":[{\"@type\":\"ListItem\",\"position\":1,\"name\":\"Home\",\"item\":\"https:\\\/\\\/deravio.com\\\/se\\\/\"},{\"@type\":\"ListItem\",\"position\":2,\"name\":\"Butik\",\"item\":\"https:\\\/\\\/deravio.com\\\/se\\\/butik\\\/\"},{\"@type\":\"ListItem\",\"position\":3,\"name\":\"Massageapparat f\u00f6r nacken\"}]},{\"@type\":\"WebSite\",\"@id\":\"https:\\\/\\\/deravio.com\\\/se\\\/#website\",\"url\":\"https:\\\/\\\/deravio.com\\\/se\\\/\",\"name\":\"Deravio SE\",\"description\":\"\",\"publisher\":{\"@id\":\"https:\\\/\\\/deravio.com\\\/se\\\/#organization\"},\"potentialAction\":[{\"@type\":\"SearchAction\",\"target\":{\"@type\":\"EntryPoint\",\"urlTemplate\":\"https:\\\/\\\/deravio.com\\\/se\\\/?s={search_term_string}\"},\"query-input\":{\"@type\":\"PropertyValueSpecification\",\"valueRequired\":true,\"valueName\":\"search_term_string\"}}],\"inLanguage\":\"sv-SE\"},{\"@type\":\"Organization\",\"@id\":\"https:\\\/\\\/deravio.com\\\/se\\\/#organization\",\"name\":\"Mekulo\",\"url\":\"https:\\\/\\\/deravio.com\\\/se\\\/\",\"logo\":{\"@type\":\"ImageObject\",\"inLanguage\":\"sv-SE\",\"@id\":\"https:\\\/\\\/deravio.com\\\/se\\\/#\\\/schema\\\/logo\\\/image\\\/\",\"url\":\"https:\\\/\\\/deravio.com\\\/se\\\/wp-content\\\/uploads\\\/sites\\\/20\\\/2025\\\/12\\\/favicon_mekulo.png\",\"contentUrl\":\"https:\\\/\\\/deravio.com\\\/se\\\/wp-content\\\/uploads\\\/sites\\\/20\\\/2025\\\/12\\\/favicon_mekulo.png\",\"width\":50,\"height\":50,\"caption\":\"Mekulo\"},\"image\":{\"@id\":\"https:\\\/\\\/deravio.com\\\/se\\\/#\\\/schema\\\/logo\\\/image\\\/\"}}]}<\/script>\n<!-- \/ Yoast SEO plugin. -->","yoast_head_json":{"title":"Massageapparat f\u00f6r nacken - Deravio SE","robots":{"index":"index","follow":"follow","max-snippet":"max-snippet:-1","max-image-preview":"max-image-preview:large","max-video-preview":"max-video-preview:-1"},"canonical":"https:\/\/deravio.com\/se\/produkt\/massageapparat-for-nacken\/","og_locale":"sv_SE","og_type":"article","og_title":"Massageapparat f\u00f6r nacken - Deravio SE","og_description":"\ud83d\udca4Ih\u00e5llande stelhet i nacken och sp\u00e4nningar i axlarna till f\u00f6ljd av l\u00e5nga timmar vid skrivbordet kan leda till dagliga besv\u00e4r och gnagande sm\u00e4rta. Att f\u00f6rs\u00f6ka stretcha eller massera sv\u00e5r\u00e5tkomliga triggerpunkter p\u00e5 egen hand leder ofta till frustration utan varaktig lindring. \ud83d\udc86Denna massager f\u00f6r nacken anpassar sig smidigt efter din nacke f\u00f6r att f\u00f6rsiktigt stretcha musklerna och bearbeta tryckpunkter utan att beh\u00f6va el.","og_url":"https:\/\/deravio.com\/se\/produkt\/massageapparat-for-nacken\/","og_site_name":"Deravio SE","og_image":[{"width":1600,"height":1600,"url":"https:\/\/deravio.com\/se\/wp-content\/uploads\/sites\/20\/2026\/09\/29yrw1g-1.jpeg","type":"image\/jpeg"}],"twitter_card":"summary_large_image","twitter_misc":{"Ber\u00e4knad l\u00e4stid":"1 minut"},"schema":{"@context":"https:\/\/schema.org","@graph":[{"@type":"WebPage","@id":"https:\/\/deravio.com\/se\/produkt\/massageapparat-for-nacken\/","url":"https:\/\/deravio.com\/se\/produkt\/massageapparat-for-nacken\/","name":"Massageapparat f\u00f6r nacken - Deravio SE","isPartOf":{"@id":"https:\/\/deravio.com\/se\/#website"},"primaryImageOfPage":{"@id":"https:\/\/deravio.com\/se\/produkt\/massageapparat-for-nacken\/#primaryimage"},"image":{"@id":"https:\/\/deravio.com\/se\/produkt\/massageapparat-for-nacken\/#primaryimage"},"thumbnailUrl":"https:\/\/deravio.com\/se\/wp-content\/uploads\/sites\/20\/2026\/09\/29yrw1g-1.jpeg","datePublished":"2026-09-03T15:47:40+00:00","breadcrumb":{"@id":"https:\/\/deravio.com\/se\/produkt\/massageapparat-for-nacken\/#breadcrumb"},"inLanguage":"sv-SE","potentialAction":[{"@type":"ReadAction","target":["https:\/\/deravio.com\/se\/produkt\/massageapparat-for-nacken\/"]}]},{"@type":"ImageObject","inLanguage":"sv-SE","@id":"https:\/\/deravio.com\/se\/produkt\/massageapparat-for-nacken\/#primaryimage","url":"https:\/\/deravio.com\/se\/wp-content\/uploads\/sites\/20\/2026\/09\/29yrw1g-1.jpeg","contentUrl":"https:\/\/deravio.com\/se\/wp-content\/uploads\/sites\/20\/2026\/09\/29yrw1g-1.jpeg","width":1600,"height":1600},{"@type":"BreadcrumbList","@id":"https:\/\/deravio.com\/se\/produkt\/massageapparat-for-nacken\/#breadcrumb","itemListElement":[{"@type":"ListItem","position":1,"name":"Home","item":"https:\/\/deravio.com\/se\/"},{"@type":"ListItem","position":2,"name":"Butik","item":"https:\/\/deravio.com\/se\/butik\/"},{"@type":"ListItem","position":3,"name":"Massageapparat f\u00f6r nacken"}]},{"@type":"WebSite","@id":"https:\/\/deravio.com\/se\/#website","url":"https:\/\/deravio.com\/se\/","name":"Deravio SE","description":"","publisher":{"@id":"https:\/\/deravio.com\/se\/#organization"},"potentialAction":[{"@type":"SearchAction","target":{"@type":"EntryPoint","urlTemplate":"https:\/\/deravio.com\/se\/?s={search_term_string}"},"query-input":{"@type":"PropertyValueSpecification","valueRequired":true,"valueName":"search_term_string"}}],"inLanguage":"sv-SE"},{"@type":"Organization","@id":"https:\/\/deravio.com\/se\/#organization","name":"Mekulo","url":"https:\/\/deravio.com\/se\/","logo":{"@type":"ImageObject","inLanguage":"sv-SE","@id":"https:\/\/deravio.com\/se\/#\/schema\/logo\/image\/","url":"https:\/\/deravio.com\/se\/wp-content\/uploads\/sites\/20\/2025\/12\/favicon_mekulo.png","contentUrl":"https:\/\/deravio.com\/se\/wp-content\/uploads\/sites\/20\/2025\/12\/favicon_mekulo.png","width":50,"height":50,"caption":"Mekulo"},"image":{"@id":"https:\/\/deravio.com\/se\/#\/schema\/logo\/image\/"}}]}},"_links":{"self":[{"href":"https:\/\/deravio.com\/se\/wp-json\/wp\/v2\/product\/47411","targetHints":{"allow":["GET"]}}],"collection":[{"href":"https:\/\/deravio.com\/se\/wp-json\/wp\/v2\/product"}],"about":[{"href":"https:\/\/deravio.com\/se\/wp-json\/wp\/v2\/types\/product"}],"replies":[{"embeddable":true,"href":"https:\/\/deravio.com\/se\/wp-json\/wp\/v2\/comments?post=47411"}],"wp:featuredmedia":[{"embeddable":true,"href":"https:\/\/deravio.com\/se\/wp-json\/wp\/v2\/media\/47407"}],"wp:attachment":[{"href":"https:\/\/deravio.com\/se\/wp-json\/wp\/v2\/media?parent=47411"}],"wp:term":[{"taxonomy":"product_brand","embeddable":true,"href":"https:\/\/deravio.com\/se\/wp-json\/wp\/v2\/product_brand?post=47411"},{"taxonomy":"product_cat","embeddable":true,"href":"https:\/\/deravio.com\/se\/wp-json\/wp\/v2\/product_cat?post=47411"},{"taxonomy":"product_tag","embeddable":true,"href":"https:\/\/deravio.com\/se\/wp-json\/wp\/v2\/product_tag?post=47411"}],"curies":[{"name":"wp","href":"https:\/\/api.w.org\/{rel}","templated":true}]}}