{"id":38123,"date":"2026-07-15T15:47:15","date_gmt":"2026-07-15T12:47:15","guid":{"rendered":"https:\/\/deravio.com\/se\/produkt\/elegant-hatt-med-belysning\/"},"modified":"2026-07-15T15:47:15","modified_gmt":"2026-07-15T12:47:15","slug":"elegant-hatt-med-belysning","status":"publish","type":"product","link":"https:\/\/deravio.com\/se\/produkt\/elegant-hatt-med-belysning\/","title":{"rendered":"Elegant hatt med belysning"},"content":{"rendered":"<h2 style=\"text-align: center\">Kraftfull handsfree-belysning vart du \u00e4n g\u00e5r \ud83e\udde2<\/h2>\n<p><img fetchpriority=\"high\" decoding=\"async\" class=\"size-full wp-image-39282\" src=\"https:\/\/deravio.com\/template\/wp-content\/uploads\/sites\/6\/2026\/07\/S8e4d504ad8a745cc81a9a5215446ae62m.jpg_960x960q75.jpg.jpg\" alt=\"\" width=\"800\" height=\"800\" \/><\/p>\n<h2 style=\"text-align: center\">\u2705 Varf\u00f6r du kommer att \u00e4lska den<\/h2>\n<div class=\"qMYqUG_convSearchResultHighlightRoot\">\n<div class=\"\" data-turn-id-container=\"request-6a4cc347-1470-83eb-91ba-235afcfff640-4\" data-is-intersecting=\"true\">\n<section class=\"text-token-text-primary w-full focus:outline-none has-data-writing-block:pointer-events-none [&amp;:has([data-writing-block])&gt;*]:pointer-events-auto R6Vx5W_threadScrollVars scroll-mb-[calc(var(--scroll-root-safe-area-inset-bottom,0px)+var(--thread-response-height))] scroll-mt-[calc(var(--header-height)+min(200px,max(70px,20svh)))]\" dir=\"auto\" data-turn-id=\"request-6a4cc347-1470-83eb-91ba-235afcfff640-4\" data-turn-id-container=\"request-6a4cc347-1470-83eb-91ba-235afcfff640-4\" data-testid=\"conversation-turn-128\" data-turn=\"assistant\">\n<div class=\"text-base my-auto mx-auto pb-15 [--thread-content-margin:var(--thread-content-margin-xs,calc(var(--spacing)*4))] @w-sm\/main:[--thread-content-margin:var(--thread-content-margin-sm,calc(var(--spacing)*6))] @w-lg\/main:[--thread-content-margin:var(--thread-content-margin-lg,calc(var(--spacing)*16))] px-(--thread-content-margin)\">\n<div class=\"[--thread-content-max-width:40rem] @w-lg\/main:[--thread-content-max-width:48rem] mx-auto max-w-(--thread-content-max-width) flex-1 group\/turn-messages focus-visible:outline-hidden relative flex w-full min-w-0 flex-col agent-turn\" data-conversation-screenshot-content=\"\">\n<div class=\"flex max-w-full flex-col gap-4 grow\">\n<div class=\"min-h-8 text-message relative flex w-full flex-col items-end gap-2 text-start break-words whitespace-normal outline-none keyboard-focused:focus-ring [.text-message+&amp;]:mt-1\" dir=\"auto\" data-message-author-role=\"assistant\" data-message-id=\"71017e05-c125-4a55-98d3-4aabe14f5a3c\" data-turn-start-message=\"true\" data-message-model-slug=\"gpt-5-5-thinking\">\n<div class=\"flex w-full flex-col gap-1 empty:hidden\">\n<div class=\"markdown prose dark:prose-invert wrap-break-word w-full light markdown-new-styling\">\n<p class=\"PDq2pG_selectionAnchorContainer\" data-start=\"0\" data-end=\"93\">\ud83e\udde2 H\u00e5ller b\u00e5da h\u00e4nderna fria \u2013 F\u00e4sts p\u00e5 en m\u00f6ssa s\u00e5 att du ser klart n\u00e4r du arbetar eller \u00e4r i r\u00f6relse.<\/p>\n<p data-start=\"95\" data-end=\"217\">\ud83d\udca1 Anpassar sig efter olika situationer \u2013 Sju belysningsl\u00e4gen ger alternativ som starkt, svagt, blinkande, vitt och f\u00e4rgglatt ljus.<\/p>\n<p data-start=\"219\" data-end=\"311\">\ud83d\udc4b T\u00e4nds utan att du beh\u00f6ver trycka p\u00e5 n\u00e5gra knappar \u2013 Sensorfunktionen kan anv\u00e4ndas i vilket belysningsl\u00e4ge som helst.<\/p>\n<p data-start=\"313\" data-end=\"435\">\ud83d\udd0b Visar \u00e5terst\u00e5ende batteriniv\u00e5 \u2013 Den digitala displayen visar batteriprocenten, vilket hj\u00e4lper dig att veta n\u00e4r det \u00e4r dags att ladda.<\/p>\n<p data-start=\"437\" data-end=\"557\">\ud83d\udd01 Kommer ih\u00e5g din senaste inst\u00e4llning \u2013 Minnesfunktionen \u00e5terst\u00e4ller det tidigare valda belysningsl\u00e4get n\u00e4r du sl\u00e5r p\u00e5 den igen.<\/p>\n<p data-start=\"559\" data-end=\"648\">\ud83d\udd0c Enkel att ladda \u2013 Det inbyggda batteriet laddas via den medf\u00f6ljande Typ-C-kabeln.<\/p>\n<p data-start=\"650\" data-end=\"746\" data-is-last-node=\"\" data-is-only-node=\"\">\ud83c\udf27\ufe0f T\u00e5l l\u00e4tt regn och st\u00e4nk \u2013 Den vattent\u00e5liga IPX4-konstruktionen g\u00f6r den l\u00e4mplig f\u00f6r utomhusbruk.<\/p>\n<\/div>\n<\/div>\n<\/div>\n<\/div>\n<\/div>\n<\/div>\n<\/section>\n<\/div>\n<\/div>\n<h2 style=\"text-align: center\">\ud83e\udde2 Alla produktfunktioner<\/h2>\n<ul data-spread=\"false\">\n<li>Sju belysningsl\u00e4gen:\n<ul data-spread=\"false\">\n<li>XTE h\u00f6g ljusstyrka<\/li>\n<li>XTE l\u00e5g ljusstyrka<\/li>\n<li>XTE snabb strobe<\/li>\n<li>Fem RGB vita ljus<\/li>\n<li>F\u00e4rgglatt l\u00f6pande ljus<\/li>\n<li>F\u00e4rgglatt l\u00e5ngsamt \u00f6verg\u00e5ngsljus<\/li>\n<li>F\u00e4rgglatt snabbt \u00f6verg\u00e5ngsljus<\/li>\n<\/ul>\n<\/li>\n<li>L\u00e4gesv\u00e4xling genom l\u00e5ngt tryck<\/li>\n<li>Inbyggt 800 mAh polymerbatteri<\/li>\n<li>Laddning via Type-C<\/li>\n<li>Ljusstyrka: 200\u2013300 lumen<\/li>\n<li>Belysningsavst\u00e5nd: 50\u2013100 meter<\/li>\n<li>Vattent\u00e5lighetsklass IPX4<\/li>\n<li>Material: ABS<\/li>\n<li>Storlek: 26 x 20 x 12 cm<\/li>\n<\/ul>\n<p><img decoding=\"async\" class=\"size-full wp-image-39286 aligncenter\" src=\"https:\/\/deravio.com\/template\/wp-content\/uploads\/sites\/6\/2026\/07\/71LlFosRANL._AC_SL1500_.jpg\" alt=\"\" width=\"909\" height=\"1370\" \/><\/p>\n<h2 style=\"text-align: center\">\ud83d\udca1 S\u00e5 h\u00e4r anv\u00e4nder du den<\/h2>\n<ol start=\"1\" data-spread=\"false\">\n<li>F\u00e4st lampan ordentligt p\u00e5 framsidan av din keps.<\/li>\n<li>Tryck p\u00e5 l\u00e4gesknappen f\u00f6r att sl\u00e5 p\u00e5 lampan och v\u00e4lja ett belysningsl\u00e4ge.<\/li>\n<li>H\u00e5ll kontrollknappen intryckt f\u00f6r att v\u00e4xla mellan huvudljusl\u00e4get och f\u00e4rgljusl\u00e4get.<\/li>\n<li>Aktivera sensorknappen f\u00f6r handsfree-styrning.<\/li>\n<li>Ladda lampan med den medf\u00f6ljande USB-kabeln av typ C n\u00e4r batteriet \u00e4r svagt.<\/li>\n<\/ol>\n<h2 style=\"text-align: center\">\ud83d\udce6 F\u00f6rpackningen inneh\u00e5ller<\/h2>\n<ul data-spread=\"false\">\n<li>1x snygg keps med lampf\u00e4ste<\/li>\n<li>1x laddningskabel.<\/li>\n<\/ul>\n","protected":false},"excerpt":{"rendered":"<p>\ud83d\udca1Att h\u00e5lla i en ficklampa kan g\u00f6ra utomhusarbeten sv\u00e5rare och mindre praktiska.<br \/>\n\ud83e\udde2Denna snygga m\u00f6ssa med inbyggd belysning f\u00e4sts p\u00e5 m\u00f6ssan och ger ett fokuserat ljus utan att du beh\u00f6ver anv\u00e4nda h\u00e4nderna, vilket underl\u00e4ttar n\u00e4r du g\u00e5r, arbetar eller r\u00f6r dig i svagt ljus.<\/p>\n","protected":false},"featured_media":38119,"comment_status":"open","ping_status":"closed","template":"","meta":{"site-sidebar-layout":"default","site-content-layout":"","ast-site-content-layout":"default","site-content-style":"default","site-sidebar-style":"default","ast-global-header-display":"","ast-banner-title-visibility":"","ast-main-header-display":"","ast-hfb-above-header-display":"","ast-hfb-below-header-display":"","ast-hfb-mobile-header-display":"","site-post-title":"","ast-breadcrumbs-content":"","ast-featured-img":"","footer-sml-layout":"","ast-disable-related-posts":"","theme-transparent-header-meta":"default","adv-header-id-meta":"","stick-header-meta":"","header-above-stick-meta":"","header-main-stick-meta":"","header-below-stick-meta":"","astra-migrate-meta-layouts":"set","ast-page-background-enabled":"default","ast-page-background-meta":{"desktop":{"background-color":"var(--ast-global-color-5)","background-image":"","background-repeat":"repeat","background-position":"center center","background-size":"auto","background-attachment":"scroll","background-type":"","background-media":"","overlay-type":"","overlay-color":"","overlay-opacity":"","overlay-gradient":""},"tablet":{"background-color":"","background-image":"","background-repeat":"repeat","background-position":"center center","background-size":"auto","background-attachment":"scroll","background-type":"","background-media":"","overlay-type":"","overlay-color":"","overlay-opacity":"","overlay-gradient":""},"mobile":{"background-color":"","background-image":"","background-repeat":"repeat","background-position":"center center","background-size":"auto","background-attachment":"scroll","background-type":"","background-media":"","overlay-type":"","overlay-color":"","overlay-opacity":"","overlay-gradient":""}},"ast-content-background-meta":{"desktop":{"background-color":"var(--ast-global-color-4)","background-image":"","background-repeat":"repeat","background-position":"center center","background-size":"auto","background-attachment":"scroll","background-type":"","background-media":"","overlay-type":"","overlay-color":"","overlay-opacity":"","overlay-gradient":""},"tablet":{"background-color":"var(--ast-global-color-4)","background-image":"","background-repeat":"repeat","background-position":"center center","background-size":"auto","background-attachment":"scroll","background-type":"","background-media":"","overlay-type":"","overlay-color":"","overlay-opacity":"","overlay-gradient":""},"mobile":{"background-color":"var(--ast-global-color-4)","background-image":"","background-repeat":"repeat","background-position":"center center","background-size":"auto","background-attachment":"scroll","background-type":"","background-media":"","overlay-type":"","overlay-color":"","overlay-opacity":"","overlay-gradient":""}}},"product_brand":[],"product_cat":[165],"product_tag":[],"class_list":["post-38123","product","type-product","status-publish","has-post-thumbnail","product_cat-skor-accessoarer","desktop-align-left","tablet-align-left","mobile-align-left","first","instock","shipping-taxable","purchasable","product-type-simple"],"yoast_head":"<!-- This site is optimized with the Yoast SEO plugin v28.1 - https:\/\/yoast.com\/product\/yoast-seo-wordpress\/ -->\n<title>Elegant hatt med belysning - Deravio SE<\/title>\n<meta name=\"robots\" content=\"index, follow, max-snippet:-1, max-image-preview:large, max-video-preview:-1\" \/>\n<link rel=\"canonical\" href=\"https:\/\/deravio.com\/se\/produkt\/elegant-hatt-med-belysning\/\" \/>\n<meta property=\"og:locale\" content=\"sv_SE\" \/>\n<meta property=\"og:type\" content=\"article\" \/>\n<meta property=\"og:title\" content=\"Elegant hatt med belysning - Deravio SE\" \/>\n<meta property=\"og:description\" content=\"\ud83d\udca1Att h\u00e5lla i en ficklampa kan g\u00f6ra utomhusarbeten sv\u00e5rare och mindre praktiska. \ud83e\udde2Denna snygga m\u00f6ssa med inbyggd belysning f\u00e4sts p\u00e5 m\u00f6ssan och ger ett fokuserat ljus utan att du beh\u00f6ver anv\u00e4nda h\u00e4nderna, vilket underl\u00e4ttar n\u00e4r du g\u00e5r, arbetar eller r\u00f6r dig i svagt ljus.\" \/>\n<meta property=\"og:url\" content=\"https:\/\/deravio.com\/se\/produkt\/elegant-hatt-med-belysning\/\" \/>\n<meta property=\"og:site_name\" content=\"Deravio SE\" \/>\n<meta property=\"og:image\" content=\"https:\/\/deravio.com\/se\/wp-content\/uploads\/sites\/20\/2026\/07\/cq73ohq-1.jpg\" \/>\n\t<meta property=\"og:image:width\" content=\"679\" \/>\n\t<meta property=\"og:image:height\" content=\"678\" \/>\n\t<meta property=\"og:image:type\" content=\"image\/jpeg\" \/>\n<meta name=\"twitter:card\" content=\"summary_large_image\" \/>\n<meta name=\"twitter:label1\" content=\"Ber\u00e4knad l\u00e4stid\" \/>\n\t<meta name=\"twitter:data1\" content=\"2 minuter\" \/>\n<script type=\"application\/ld+json\" class=\"yoast-schema-graph\">{\"@context\":\"https:\\\/\\\/schema.org\",\"@graph\":[{\"@type\":\"WebPage\",\"@id\":\"https:\\\/\\\/deravio.com\\\/se\\\/produkt\\\/elegant-hatt-med-belysning\\\/\",\"url\":\"https:\\\/\\\/deravio.com\\\/se\\\/produkt\\\/elegant-hatt-med-belysning\\\/\",\"name\":\"Elegant hatt med belysning - Deravio SE\",\"isPartOf\":{\"@id\":\"https:\\\/\\\/deravio.com\\\/se\\\/#website\"},\"primaryImageOfPage\":{\"@id\":\"https:\\\/\\\/deravio.com\\\/se\\\/produkt\\\/elegant-hatt-med-belysning\\\/#primaryimage\"},\"image\":{\"@id\":\"https:\\\/\\\/deravio.com\\\/se\\\/produkt\\\/elegant-hatt-med-belysning\\\/#primaryimage\"},\"thumbnailUrl\":\"https:\\\/\\\/deravio.com\\\/se\\\/wp-content\\\/uploads\\\/sites\\\/20\\\/2026\\\/07\\\/cq73ohq-1.jpg\",\"datePublished\":\"2026-07-15T12:47:15+00:00\",\"breadcrumb\":{\"@id\":\"https:\\\/\\\/deravio.com\\\/se\\\/produkt\\\/elegant-hatt-med-belysning\\\/#breadcrumb\"},\"inLanguage\":\"sv-SE\",\"potentialAction\":[{\"@type\":\"ReadAction\",\"target\":[\"https:\\\/\\\/deravio.com\\\/se\\\/produkt\\\/elegant-hatt-med-belysning\\\/\"]}]},{\"@type\":\"ImageObject\",\"inLanguage\":\"sv-SE\",\"@id\":\"https:\\\/\\\/deravio.com\\\/se\\\/produkt\\\/elegant-hatt-med-belysning\\\/#primaryimage\",\"url\":\"https:\\\/\\\/deravio.com\\\/se\\\/wp-content\\\/uploads\\\/sites\\\/20\\\/2026\\\/07\\\/cq73ohq-1.jpg\",\"contentUrl\":\"https:\\\/\\\/deravio.com\\\/se\\\/wp-content\\\/uploads\\\/sites\\\/20\\\/2026\\\/07\\\/cq73ohq-1.jpg\",\"width\":679,\"height\":678},{\"@type\":\"BreadcrumbList\",\"@id\":\"https:\\\/\\\/deravio.com\\\/se\\\/produkt\\\/elegant-hatt-med-belysning\\\/#breadcrumb\",\"itemListElement\":[{\"@type\":\"ListItem\",\"position\":1,\"name\":\"Home\",\"item\":\"https:\\\/\\\/deravio.com\\\/se\\\/\"},{\"@type\":\"ListItem\",\"position\":2,\"name\":\"Butik\",\"item\":\"https:\\\/\\\/deravio.com\\\/se\\\/butik\\\/\"},{\"@type\":\"ListItem\",\"position\":3,\"name\":\"Elegant hatt med belysning\"}]},{\"@type\":\"WebSite\",\"@id\":\"https:\\\/\\\/deravio.com\\\/se\\\/#website\",\"url\":\"https:\\\/\\\/deravio.com\\\/se\\\/\",\"name\":\"Deravio SE\",\"description\":\"\",\"publisher\":{\"@id\":\"https:\\\/\\\/deravio.com\\\/se\\\/#organization\"},\"potentialAction\":[{\"@type\":\"SearchAction\",\"target\":{\"@type\":\"EntryPoint\",\"urlTemplate\":\"https:\\\/\\\/deravio.com\\\/se\\\/?s={search_term_string}\"},\"query-input\":{\"@type\":\"PropertyValueSpecification\",\"valueRequired\":true,\"valueName\":\"search_term_string\"}}],\"inLanguage\":\"sv-SE\"},{\"@type\":\"Organization\",\"@id\":\"https:\\\/\\\/deravio.com\\\/se\\\/#organization\",\"name\":\"Mekulo\",\"url\":\"https:\\\/\\\/deravio.com\\\/se\\\/\",\"logo\":{\"@type\":\"ImageObject\",\"inLanguage\":\"sv-SE\",\"@id\":\"https:\\\/\\\/deravio.com\\\/se\\\/#\\\/schema\\\/logo\\\/image\\\/\",\"url\":\"https:\\\/\\\/deravio.com\\\/se\\\/wp-content\\\/uploads\\\/sites\\\/20\\\/2025\\\/12\\\/favicon_mekulo.png\",\"contentUrl\":\"https:\\\/\\\/deravio.com\\\/se\\\/wp-content\\\/uploads\\\/sites\\\/20\\\/2025\\\/12\\\/favicon_mekulo.png\",\"width\":50,\"height\":50,\"caption\":\"Mekulo\"},\"image\":{\"@id\":\"https:\\\/\\\/deravio.com\\\/se\\\/#\\\/schema\\\/logo\\\/image\\\/\"}}]}<\/script>\n<!-- \/ Yoast SEO plugin. -->","yoast_head_json":{"title":"Elegant hatt med belysning - Deravio SE","robots":{"index":"index","follow":"follow","max-snippet":"max-snippet:-1","max-image-preview":"max-image-preview:large","max-video-preview":"max-video-preview:-1"},"canonical":"https:\/\/deravio.com\/se\/produkt\/elegant-hatt-med-belysning\/","og_locale":"sv_SE","og_type":"article","og_title":"Elegant hatt med belysning - Deravio SE","og_description":"\ud83d\udca1Att h\u00e5lla i en ficklampa kan g\u00f6ra utomhusarbeten sv\u00e5rare och mindre praktiska. \ud83e\udde2Denna snygga m\u00f6ssa med inbyggd belysning f\u00e4sts p\u00e5 m\u00f6ssan och ger ett fokuserat ljus utan att du beh\u00f6ver anv\u00e4nda h\u00e4nderna, vilket underl\u00e4ttar n\u00e4r du g\u00e5r, arbetar eller r\u00f6r dig i svagt ljus.","og_url":"https:\/\/deravio.com\/se\/produkt\/elegant-hatt-med-belysning\/","og_site_name":"Deravio SE","og_image":[{"width":679,"height":678,"url":"https:\/\/deravio.com\/se\/wp-content\/uploads\/sites\/20\/2026\/07\/cq73ohq-1.jpg","type":"image\/jpeg"}],"twitter_card":"summary_large_image","twitter_misc":{"Ber\u00e4knad l\u00e4stid":"2 minuter"},"schema":{"@context":"https:\/\/schema.org","@graph":[{"@type":"WebPage","@id":"https:\/\/deravio.com\/se\/produkt\/elegant-hatt-med-belysning\/","url":"https:\/\/deravio.com\/se\/produkt\/elegant-hatt-med-belysning\/","name":"Elegant hatt med belysning - Deravio SE","isPartOf":{"@id":"https:\/\/deravio.com\/se\/#website"},"primaryImageOfPage":{"@id":"https:\/\/deravio.com\/se\/produkt\/elegant-hatt-med-belysning\/#primaryimage"},"image":{"@id":"https:\/\/deravio.com\/se\/produkt\/elegant-hatt-med-belysning\/#primaryimage"},"thumbnailUrl":"https:\/\/deravio.com\/se\/wp-content\/uploads\/sites\/20\/2026\/07\/cq73ohq-1.jpg","datePublished":"2026-07-15T12:47:15+00:00","breadcrumb":{"@id":"https:\/\/deravio.com\/se\/produkt\/elegant-hatt-med-belysning\/#breadcrumb"},"inLanguage":"sv-SE","potentialAction":[{"@type":"ReadAction","target":["https:\/\/deravio.com\/se\/produkt\/elegant-hatt-med-belysning\/"]}]},{"@type":"ImageObject","inLanguage":"sv-SE","@id":"https:\/\/deravio.com\/se\/produkt\/elegant-hatt-med-belysning\/#primaryimage","url":"https:\/\/deravio.com\/se\/wp-content\/uploads\/sites\/20\/2026\/07\/cq73ohq-1.jpg","contentUrl":"https:\/\/deravio.com\/se\/wp-content\/uploads\/sites\/20\/2026\/07\/cq73ohq-1.jpg","width":679,"height":678},{"@type":"BreadcrumbList","@id":"https:\/\/deravio.com\/se\/produkt\/elegant-hatt-med-belysning\/#breadcrumb","itemListElement":[{"@type":"ListItem","position":1,"name":"Home","item":"https:\/\/deravio.com\/se\/"},{"@type":"ListItem","position":2,"name":"Butik","item":"https:\/\/deravio.com\/se\/butik\/"},{"@type":"ListItem","position":3,"name":"Elegant hatt med belysning"}]},{"@type":"WebSite","@id":"https:\/\/deravio.com\/se\/#website","url":"https:\/\/deravio.com\/se\/","name":"Deravio SE","description":"","publisher":{"@id":"https:\/\/deravio.com\/se\/#organization"},"potentialAction":[{"@type":"SearchAction","target":{"@type":"EntryPoint","urlTemplate":"https:\/\/deravio.com\/se\/?s={search_term_string}"},"query-input":{"@type":"PropertyValueSpecification","valueRequired":true,"valueName":"search_term_string"}}],"inLanguage":"sv-SE"},{"@type":"Organization","@id":"https:\/\/deravio.com\/se\/#organization","name":"Mekulo","url":"https:\/\/deravio.com\/se\/","logo":{"@type":"ImageObject","inLanguage":"sv-SE","@id":"https:\/\/deravio.com\/se\/#\/schema\/logo\/image\/","url":"https:\/\/deravio.com\/se\/wp-content\/uploads\/sites\/20\/2025\/12\/favicon_mekulo.png","contentUrl":"https:\/\/deravio.com\/se\/wp-content\/uploads\/sites\/20\/2025\/12\/favicon_mekulo.png","width":50,"height":50,"caption":"Mekulo"},"image":{"@id":"https:\/\/deravio.com\/se\/#\/schema\/logo\/image\/"}}]}},"_links":{"self":[{"href":"https:\/\/deravio.com\/se\/wp-json\/wp\/v2\/product\/38123","targetHints":{"allow":["GET"]}}],"collection":[{"href":"https:\/\/deravio.com\/se\/wp-json\/wp\/v2\/product"}],"about":[{"href":"https:\/\/deravio.com\/se\/wp-json\/wp\/v2\/types\/product"}],"replies":[{"embeddable":true,"href":"https:\/\/deravio.com\/se\/wp-json\/wp\/v2\/comments?post=38123"}],"wp:featuredmedia":[{"embeddable":true,"href":"https:\/\/deravio.com\/se\/wp-json\/wp\/v2\/media\/38119"}],"wp:attachment":[{"href":"https:\/\/deravio.com\/se\/wp-json\/wp\/v2\/media?parent=38123"}],"wp:term":[{"taxonomy":"product_brand","embeddable":true,"href":"https:\/\/deravio.com\/se\/wp-json\/wp\/v2\/product_brand?post=38123"},{"taxonomy":"product_cat","embeddable":true,"href":"https:\/\/deravio.com\/se\/wp-json\/wp\/v2\/product_cat?post=38123"},{"taxonomy":"product_tag","embeddable":true,"href":"https:\/\/deravio.com\/se\/wp-json\/wp\/v2\/product_tag?post=38123"}],"curies":[{"name":"wp","href":"https:\/\/api.w.org\/{rel}","templated":true}]}}